{"id":5374,"date":"2024-09-24T14:08:51","date_gmt":"2024-09-24T12:08:51","guid":{"rendered":"https:\/\/decker-anlagenbau.de\/duty-to-inform\/"},"modified":"2026-04-27T15:13:04","modified_gmt":"2026-04-27T13:13:04","slug":"duty-to-inform","status":"publish","type":"page","link":"https:\/\/decker-anlagenbau.de\/en\/duty-to-inform\/","title":{"rendered":"Duty to inform"},"content":{"rendered":"<p><\/p><div class=\"fusion-fullwidth fullwidth-box fusion-builder-row-1 fusion-flex-container has-pattern-background has-mask-background fusion-parallax-none hundred-percent-fullwidth non-hundred-percent-height-scrolling fusion-no-small-visibility fusion-no-medium-visibility\" style=\"--awb-border-radius-top-left:0px;--awb-border-radius-top-right:0px;--awb-border-radius-bottom-right:0px;--awb-border-radius-bottom-left:0px;--awb-padding-right:0px;--awb-padding-left:0px;--awb-min-height:750px;--awb-background-image:url(&quot;https:\/\/decker-anlagenbau.de\/wp-content\/uploads\/sites\/2\/2025\/07\/202507_Luftaufnahmen_Wegscheid_04.jpg&quot;);--awb-background-size:cover;--awb-flex-wrap:wrap;\"><div class=\"fusion-builder-row fusion-row fusion-flex-align-items-flex-end fusion-flex-content-wrap\" style=\"width:104% !important;max-width:104% !important;margin-left: calc(-4% \/ 2 );margin-right: calc(-4% \/ 2 );\"><div class=\"fusion-layout-column fusion_builder_column fusion-builder-column-0 fusion_builder_column_1_1 1_1 fusion-flex-column\" style=\"--awb-bg-image:url('https:\/\/decker-anlagenbau.de\/wp-content\/uploads\/sites\/2\/2025\/07\/Videomaske-1920x358-3.svg');--awb-bg-size:cover;--awb-width-large:100%;--awb-margin-top-large:0px;--awb-spacing-right-large:1.92%;--awb-margin-bottom-large:0px;--awb-spacing-left-large:1.92%;--awb-width-medium:100%;--awb-order-medium:0;--awb-spacing-right-medium:1.92%;--awb-spacing-left-medium:1.92%;--awb-width-small:100%;--awb-order-small:0;--awb-spacing-right-small:1.92%;--awb-spacing-left-small:1.92%;\"><div class=\"fusion-column-wrapper fusion-column-has-shadow fusion-flex-justify-content-flex-start fusion-content-layout-column fusion-empty-column-bg-image fusion-column-has-bg-image\" data-bg-url=\"https:\/\/decker-anlagenbau.de\/wp-content\/uploads\/sites\/2\/2025\/07\/Videomaske-1920x358-3.svg\"><img decoding=\"async\" class=\"fusion-empty-dims-img-placeholder\" alt=\"Wei\u00dfe Schr\u00e4ge mit gr\u00fcnem Balken als Designelement\" aria-label=\"Wei\u00dfe Schr\u00e4ge mit gr\u00fcnem Balken\" src=\"data:image\/svg+xml,%3Csvg%20xmlns%3D%27http%3A%2F%2Fwww.w3.org%2F2000%2Fsvg%27%20width%3D%271920%27%20height%3D%27358%27%20viewBox%3D%270%200%201920%20358%27%3E%3Crect%20width%3D%271920%27%20height%3D%27358%27%20fill-opacity%3D%220%22%2F%3E%3C%2Fsvg%3E\"><\/div><\/div>\n<\/div><\/div><div class=\"fusion-fullwidth fullwidth-box fusion-builder-row-2 fusion-flex-container has-pattern-background has-mask-background hundred-percent-fullwidth non-hundred-percent-height-scrolling\" style=\"--awb-border-radius-top-left:0px;--awb-border-radius-top-right:0px;--awb-border-radius-bottom-right:0px;--awb-border-radius-bottom-left:0px;--awb-padding-right:0px;--awb-padding-left:0px;--awb-padding-top-small:0px;--awb-padding-right-small:0px;--awb-padding-bottom-small:0px;--awb-padding-left-small:0px;--awb-margin-top:-150px;--awb-margin-bottom:110px;--awb-margin-top-medium:50px;--awb-margin-top-small:-40px;--awb-flex-wrap:wrap;\"><div class=\"fusion-builder-row fusion-row fusion-flex-align-items-flex-start fusion-flex-content-wrap\" style=\"width:104% !important;max-width:104% !important;margin-left: calc(-4% \/ 2 );margin-right: calc(-4% \/ 2 );\"><div class=\"fusion-layout-column fusion_builder_column fusion-builder-column-1 fusion_builder_column_1_1 1_1 fusion-flex-column\" style=\"--awb-padding-right:800px;--awb-padding-left:200px;--awb-padding-top-medium:50px;--awb-padding-right-medium:301px;--awb-padding-left-medium:50px;--awb-padding-right-small:30px;--awb-padding-left-small:30px;--awb-bg-size:cover;--awb-width-large:100%;--awb-margin-top-large:0px;--awb-spacing-right-large:1.92%;--awb-margin-bottom-large:0px;--awb-spacing-left-large:1.92%;--awb-width-medium:100%;--awb-order-medium:0;--awb-spacing-right-medium:1.92%;--awb-spacing-left-medium:1.92%;--awb-width-small:100%;--awb-order-small:0;--awb-margin-top-small:0px;--awb-spacing-right-small:1.92%;--awb-margin-bottom-small:0px;--awb-spacing-left-small:2.4%;\"><div class=\"fusion-column-wrapper fusion-column-has-shadow fusion-flex-justify-content-flex-start fusion-content-layout-column\"><div class=\"fusion-title title fusion-title-1 fusion-sep-none fusion-title-text fusion-title-size-one\"><h1 class=\"fusion-title-heading title-heading-left\" style=\"margin:0;\">Duty to provide information pursuant to Art. 13 GDPR<span style=\"color: var(--awb-color5)\">.<\/span><\/h1><\/div><\/div><\/div><div class=\"fusion-layout-column fusion_builder_column fusion-builder-column-2 fusion_builder_column_1_1 1_1 fusion-flex-column\" style=\"--awb-padding-right:600px;--awb-padding-left:200px;--awb-padding-right-medium:300px;--awb-padding-left-medium:50px;--awb-padding-right-small:50px;--awb-padding-left-small:30px;--awb-bg-size:cover;--awb-width-large:100%;--awb-margin-top-large:0px;--awb-spacing-right-large:1.92%;--awb-margin-bottom-large:20px;--awb-spacing-left-large:1.92%;--awb-width-medium:100%;--awb-order-medium:0;--awb-spacing-right-medium:1.92%;--awb-spacing-left-medium:1.92%;--awb-width-small:100%;--awb-order-small:0;--awb-spacing-right-small:1.92%;--awb-spacing-left-small:2.4%;\" data-scroll-devices=\"small-visibility,medium-visibility,large-visibility\"><div class=\"fusion-column-wrapper fusion-column-has-shadow fusion-flex-justify-content-flex-start fusion-content-layout-column\"><div class=\"fusion-text fusion-text-1 fusion-text-no-margin\" style=\"--awb-font-size:var(--awb-typography4-font-size);--awb-line-height:var(--awb-typography4-line-height);--awb-letter-spacing:var(--awb-typography4-letter-spacing);--awb-text-transform:var(--awb-typography4-text-transform);--awb-margin-right:0px;--awb-margin-left:0px;--awb-text-font-family:var(--awb-typography4-font-family);--awb-text-font-weight:var(--awb-typography4-font-weight);--awb-text-font-style:var(--awb-typography4-font-style);\"><p>The pro\u00adtec\u00adtion of your per\u00adso\u00adnal data is of par\u00adti\u00adcu\u00adlar con\u00adcern to us. We the\u00adr\u00ade\u00adfo\u00adre pro\u00adcess your per\u00adso\u00adnal data (\u201edata\u201c for short) exclu\u00adsi\u00adve\u00adly on the basis of the sta\u00adtu\u00adto\u00adry pro\u00advi\u00adsi\u00adons. With this pri\u00adva\u00adcy poli\u00adcy, we wish to inform you com\u00adpre\u00adhen\u00adsi\u00adve\u00adly about the pro\u00adces\u00adsing of your data in our com\u00adpa\u00adny and the data pro\u00adtec\u00adtion claims and rights to which you are entit\u00adled within the mea\u00adning of Art. 13 of the Euro\u00adpean Gene\u00adral Data Pro\u00adtec\u00adtion Regu\u00adla\u00adti\u00adon (EU GDPR).  <\/p>\n<h2 style=\"--fontSize: 36;line-height: 1.2;color: var(--awb-color5);font-size: 36px\" data-fusion-font=\"true\"><span data-fusion-font=\"true\" data-fusion-google-font=\"Roboto\" data-fusion-google-variant=\"700\" style=\"font-family: Roboto\"><b data-fusion-font=\"true\" data-fusion-google-font=\"Roboto\" data-fusion-google-variant=\"700\" style=\"font-family: Roboto;font-weight: 700\">1. who is responsible for data processing and who can you contact?<\/b><\/span><\/h2>\n<p>Respon\u00adsi\u00adble for DECKER Anla\u00adgen\u00adbau GmbH, Weg\u00adscheid 1a, 92334 Ber\u00adching:<\/p>\n<p>Mr. Bern\u00adhard Hil\u00adli\u00adges<br>E\u2011mail: <a href=\"mailto:info@decker-anlagenbau.de\">info@decker-anlagenbau.de<\/a><br>Pho\u00adne: <a href=\"tel:+4984622006170\">+49 8462 20 06 17\u20130<\/a><\/p>\n<p><b>The com\u00adpa\u00adny data pro\u00adtec\u00adtion offi\u00adcer is:<\/b><\/p>\n<p>Mr. Tho\u00admas Wan\u00adju\u00adra<br><span style=\"letter-spacing: 0.24px; background-color: rgba(0, 0, 0, 0);\">Pro\u00adjekt 29 GmbH &amp; Co. KG<br><\/span><span style=\"letter-spacing: 0.24px; background-color: rgba(0, 0, 0, 0);\">Osten\u00adgas\u00adse 14<br><\/span> 93047<span style=\"letter-spacing: 0.24px; background-color: rgba(0, 0, 0, 0);\">Regens\u00adburg<br><\/span><span style=\"letter-spacing: 0.24px; background-color: rgba(0, 0, 0, 0);\">E\u2011mail: <a href=\"mailto:anfrage@projekt29.de\">anfrage@projekt29.de<\/a><br><\/span><span style=\"letter-spacing: 0.24px; background-color: rgba(0, 0, 0, 0);\">Pho\u00adne: <a href=\"tel:+499412986930\">+49 941 298 69 30<\/a><\/span><\/p>\n<h3 data-fontsize=\"36\" style=\"--fontSize: 36;line-height: 1.2\" data-lineheight=\"43.2px\" class=\"fusion-responsive-typography-calculated\">2. which data is processed and from which sources does this data originate?<\/h3>\n<p>We pro\u00adcess the data that we have recei\u00adved from you in the con\u00adtext of con\u00adtract initia\u00adti\u00adon or pro\u00adces\u00adsing, on the basis of con\u00adsent or in the con\u00adtext of your appli\u00adca\u00adti\u00adon to us or in the con\u00adtext of your employ\u00adment with us.<\/p>\n<p><strong>Per\u00adso\u00adnal data includes the fol\u00adlo\u00adwing<\/strong><\/p>\n<p>Your master\/contact data, for <strong>cus\u00adto\u00admers<\/strong> this includes e.g. first name and sur\u00adna\u00adme, address, cont\u00adact details (e\u2011mail address, tele\u00adpho\u00adne num\u00adber, fax), bank details.<\/p>\n<p>For <strong>appli\u00adcants and employees<\/strong>, this includes, for exam\u00adp\u00adle, first and last name, address, cont\u00adact details (e\u2011mail address, tele\u00adpho\u00adne num\u00adber, fax), date of birth, data from CV and refe\u00adren\u00adces, bank details, reli\u00adgious affi\u00adlia\u00adti\u00adon, pho\u00adto\u00adgraphs.<\/p>\n<p>For <strong>busi\u00adness part\u00adners<\/strong>, this includes, for exam\u00adp\u00adle, the name of their legal repre\u00adsen\u00adta\u00adti\u00adve, com\u00adpa\u00adny, com\u00admer\u00adcial regis\u00adter num\u00adber, VAT num\u00adber, com\u00adpa\u00adny num\u00adber, address, cont\u00adact details (e\u2011mail address, tele\u00adpho\u00adne num\u00adber, fax), bank details.<\/p>\n<p>For <strong>visi\u00adtors to<\/strong> our com\u00adpa\u00adny, this includes name and signa\u00adtu\u00adre.<\/p>\n<p>For <strong>jour\u00adna\u00adlists<\/strong>, this includes first and last name, e\u2011mail address, fax num\u00adber.<\/p>\n<p>For <strong>com\u00adpe\u00adti\u00adti\u00adon par\u00adti\u00adci\u00adpan\u00adts<\/strong>, this includes first and last name, e\u2011mail address.<\/p>\n<p>In addi\u00adti\u00adon, we also pro\u00adcess the fol\u00adlo\u00adwing other per\u00adso\u00adnal data:<\/p>\n<ul>\n<li>Infor\u00adma\u00adti\u00adon on the type and con\u00adtent of con\u00adtract data, order data, sales and docu\u00adment data, cus\u00adto\u00admer and sup\u00adpli\u00ader histo\u00adry and con\u00adsul\u00adting docu\u00adments,<\/li>\n<li>Adver\u00adti\u00adsing and sales data,<\/li>\n<li>Infor\u00adma\u00adti\u00adon from your elec\u00adtro\u00adnic com\u00admu\u00adni\u00adca\u00adti\u00adon with us (e.g. IP address, log-in data),<\/li>\n<li>other data that we have recei\u00adved from you in the cour\u00adse of our busi\u00adness rela\u00adti\u00adonship (e.g. in dis\u00adcus\u00adsions with cus\u00adto\u00admers),<\/li>\n<li>Data that we gene\u00adra\u00adte our\u00adsel\u00adves from mas\u00adter \/ cont\u00adact data and other data, e.g. by means of cus\u00adto\u00admer demand and cus\u00adto\u00admer poten\u00adti\u00adal ana\u00adly\u00adses,<\/li>\n<li>the docu\u00admen\u00adta\u00adti\u00adon of your decla\u00adra\u00adti\u00adon of con\u00adsent for the receipt of e.g. news\u00adlet\u00adters.<\/li>\n<li>Pho\u00adto\u00adgraphs taken as part of events.<\/li>\n<\/ul>\n<h3 data-fontsize=\"36\" style=\"--fontSize: 36;line-height: 1.2\" data-lineheight=\"43.2px\" class=\"fusion-responsive-typography-calculated\">3. for what purposes and on what legal basis is the data processed?<\/h3>\n<p>We pro\u00adcess your data in accordance with the pro\u00advi\u00adsi\u00adons of the Gene\u00adral Data Pro\u00adtec\u00adtion Regu\u00adla\u00adti\u00adon (GDPR) and the Fede\u00adral Data Pro\u00adtec\u00adtion Act 2018 as amen\u00added:<\/p>\n<ul>\n<li><strong>for the ful\u00adfill\u00adment of (pre-)contractual obli\u00adga\u00adti\u00adons (Art. 6 para. 1 lit. b GDPR):<\/strong> The pro\u00adces\u00adsing of your data is car\u00adri\u00aded out for con\u00adtract pro\u00adces\u00adsing online or in one of our bran\u00adches, for the con\u00adtract pro\u00adces\u00adsing of your employee in our com\u00adpa\u00adny. The data is pro\u00adces\u00adsed in par\u00adti\u00adcu\u00adlar when initia\u00adting busi\u00adness and when exe\u00adcu\u00adting con\u00adtracts with you. <\/li>\n<li><strong>for the ful\u00adfill\u00adment of legal obli\u00adga\u00adti\u00adons (Art. 6 para. 1 lit.c GDPR):<\/strong> Pro\u00adces\u00adsing of your data is neces\u00adsa\u00adry for the pur\u00adpo\u00adse of ful\u00adfil\u00adling various legal obli\u00adga\u00adti\u00adons, e.g. from the Ger\u00adman Com\u00admer\u00adcial Code or the Ger\u00adman Fis\u00adcal Code.<\/li>\n<li><strong>for the pro\u00adtec\u00adtion of legi\u00adti\u00adma\u00adte inte\u00adrests (Art. 6 para. 1 lit.f GDPR):<\/strong> Based on a balan\u00adcing of inte\u00adrests, data pro\u00adces\u00adsing may take place bey\u00adond the actu\u00adal ful\u00adfill\u00adment of the con\u00adtract to safe\u00adguard legi\u00adti\u00adma\u00adte inte\u00adrests of us or third par\u00adties. Data pro\u00adces\u00adsing to safe\u00adguard legi\u00adti\u00adma\u00adte inte\u00adrests takes place, for exam\u00adp\u00adle, in the fol\u00adlo\u00adwing cases\n<ul>\n<li>Adver\u00adti\u00adsing or mar\u00adke\u00adting (see no. 4),<\/li>\n<li>Mea\u00adsu\u00adres for busi\u00adness manage\u00adment and fur\u00adther deve\u00adlo\u00adp\u00adment of ser\u00advices and pro\u00adducts;<\/li>\n<li>Main\u00adtai\u00adning a group-wide cus\u00adto\u00admer data\u00adba\u00adse to impro\u00adve cus\u00adto\u00admer ser\u00advice<\/li>\n<li>in the con\u00adtext of legal pro\u00adse\u00adcu\u00adti\u00adon<\/li>\n<li>Sen\u00adding of non-sales-pro\u00admo\u00adting infor\u00adma\u00adti\u00adon and press releases.<\/li>\n<\/ul>\n<\/li>\n<\/ul>\n<ul>\n<li><strong>within the scope of your con\u00adsent (Art. 6 para. 1 lit. a GDPR):<\/strong> If you have given us your con\u00adsent to pro\u00adcess your data, e.g. to send you our news\u00adlet\u00adter, publish pho\u00adtos, com\u00adpe\u00adti\u00adti\u00adons, etc.<\/li>\n<\/ul>\n<h3 data-fontsize=\"36\" style=\"--fontSize: 36;line-height: 1.2\" data-lineheight=\"43.2px\" class=\"fusion-responsive-typography-calculated\">4. processing of personal data for advertising purposes<\/h3>\n<p>You can object to the use of your per\u00adso\u00adnal data for adver\u00adti\u00adsing pur\u00adpo\u00adses at any time, eit\u00adher as a who\u00adle or for indi\u00advi\u00addu\u00adal mea\u00adsu\u00adres, wit\u00adhout incur\u00adring any cos\u00adts other than the trans\u00admis\u00adsi\u00adon cos\u00adts accor\u00adding to the basic rates.<\/p>\n<p>Under the legal requi\u00adre\u00adments of Sec\u00adtion 7 (3) UWG, we are entit\u00adled to use the e\u2011mail address you pro\u00advi\u00added when con\u00adclu\u00adding the con\u00adtract for direct adver\u00adti\u00adsing for our own simi\u00adlar goods or ser\u00advices. You will recei\u00adve the\u00adse pro\u00adduct recom\u00admen\u00adda\u00adti\u00adons from us regard\u00adless of whe\u00adther you have sub\u00adscri\u00adbed to a news\u00adlet\u00adter.  <\/p>\n<p>If you do not wish to recei\u00adve such recom\u00admen\u00adda\u00adti\u00adons from us by e\u2011mail, you can object to the use of your address for this pur\u00adpo\u00adse at any time wit\u00adhout incur\u00adring any cos\u00adts other than the trans\u00admis\u00adsi\u00adon cos\u00adts accor\u00adding to the basic rates. A mes\u00adsa\u00adge in text form is suf\u00adfi\u00adci\u00adent for this. Of cour\u00adse, every e\u2011mail always con\u00adta\u00adins an unsub\u00adscri\u00adbe link.  <\/p>\n<h3 data-fontsize=\"36\" style=\"--fontSize: 36;line-height: 1.2\" data-lineheight=\"43.2px\" class=\"fusion-responsive-typography-calculated\">5 Who receives my data?<\/h3>\n<p>If we use a ser\u00advice pro\u00advi\u00adder in the sen\u00adse of com\u00admis\u00adsio\u00adned pro\u00adces\u00adsing, we nevert\u00adhel\u00adess remain respon\u00adsi\u00adble for the pro\u00adtec\u00adtion of your data. All pro\u00adces\u00adsors are con\u00adtrac\u00adtual\u00adly obli\u00adged to tre\u00adat your data con\u00adfi\u00adden\u00adti\u00adal\u00adly and to pro\u00adcess it only within the scope of pro\u00advi\u00adding the ser\u00advice. The pro\u00adces\u00adsors com\u00admis\u00adsio\u00adned by us will recei\u00adve your data if they requi\u00adre the data to per\u00adform their respec\u00adti\u00adve ser\u00advice. The\u00adse are, for exam\u00adp\u00adle, IT ser\u00advice pro\u00advi\u00adders that we requi\u00adre for the ope\u00adra\u00adti\u00adon and secu\u00adri\u00adty of our IT sys\u00adtem as well as adver\u00adti\u00adsing and address publishers for our own adver\u00adti\u00adsing cam\u00adpaigns.   <\/p>\n<p>Your data is pro\u00adces\u00adsed in our cus\u00adto\u00admer data\u00adba\u00adse. The cus\u00adto\u00admer data\u00adba\u00adse sup\u00adports the enhance\u00adment of the data qua\u00adli\u00adty of the exis\u00adting cus\u00adto\u00admer data (dupli\u00adca\u00adte cle\u00adan\u00adsing, moved\/deceased indi\u00adca\u00adtor, address cor\u00adrec\u00adtion) and enables the enrich\u00adment with data from public sources. <\/p>\n<p>This data is made available to the Group com\u00adpa\u00adnies if neces\u00adsa\u00adry for con\u00adtract pro\u00adces\u00adsing. Cus\u00adto\u00admer data is stored sepa\u00adra\u00adte\u00adly for each com\u00adpa\u00adny, with our parent com\u00adpa\u00adny acting as a ser\u00advice pro\u00advi\u00adder for the indi\u00advi\u00addu\u00adal par\u00adti\u00adci\u00adpa\u00adting com\u00adpa\u00adnies. <\/p>\n<p>In the event of a legal obli\u00adga\u00adti\u00adon and in the con\u00adtext of legal pro\u00adse\u00adcu\u00adti\u00adon, aut\u00adho\u00adri\u00adties and courts as well as exter\u00adnal audi\u00adtors may be reci\u00adpi\u00adents of your data.<\/p>\n<p>In addi\u00adti\u00adon, insu\u00adrance com\u00adpa\u00adnies, banks, cre\u00addit agen\u00adci\u00ades and ser\u00advice pro\u00advi\u00adders may be reci\u00adpi\u00adents of your data for the pur\u00adpo\u00adse of con\u00adtract initia\u00adti\u00adon and ful\u00adfill\u00adment.<\/p>\n<h3 data-fontsize=\"36\" style=\"--fontSize: 36;line-height: 1.2\" data-lineheight=\"43.2px\" class=\"fusion-responsive-typography-calculated\">6. how long will my data be stored?<\/h3>\n<p>We pro\u00adcess your data until the end of the busi\u00adness rela\u00adti\u00adonship or until the expiry of the appli\u00adca\u00adble sta\u00adtu\u00adto\u00adry reten\u00adti\u00adon peri\u00adods (e.g. from the Ger\u00adman Com\u00admer\u00adcial Code, the Ger\u00adman Fis\u00adcal Code or the Working Hours Act); in addi\u00adti\u00adon, until the end of any legal dis\u00adpu\u00adtes in which the data is requi\u00adred as evi\u00addence.<\/p>\n<h3 data-fontsize=\"36\" style=\"--fontSize: 36;line-height: 1.2\" data-lineheight=\"43.2px\" class=\"fusion-responsive-typography-calculated\">7. is personal data transferred to a third country?<\/h3>\n<p>In prin\u00adci\u00adple, we do not trans\u00adfer any data to a third coun\u00adtry. In indi\u00advi\u00addu\u00adal cases, data will only be trans\u00adfer\u00adred on the basis of an ade\u00adquacy decis\u00adi\u00adon by the Euro\u00adpean Com\u00admis\u00adsi\u00adon, stan\u00addard con\u00adtrac\u00adtu\u00adal clau\u00adses, sui\u00adta\u00adble gua\u00adran\u00adtees or your express con\u00adsent. <\/p>\n<h3 data-fontsize=\"36\" style=\"--fontSize: 36;line-height: 1.2\" data-lineheight=\"43.2px\" class=\"fusion-responsive-typography-calculated\">8 What data protection rights do I have?<\/h3>\n<p>You have the right to infor\u00adma\u00adti\u00adon, cor\u00adrec\u00adtion, dele\u00adti\u00adon or rest\u00adric\u00adtion of the pro\u00adces\u00adsing of your stored data, a right to object to the pro\u00adces\u00adsing as well as a right to data por\u00adta\u00adbi\u00adli\u00adty and to lodge a com\u00adplaint in accordance with the requi\u00adre\u00adments of data pro\u00adtec\u00adtion law.<\/p>\n<p><strong>Right to infor\u00adma\u00adti\u00adon:<\/strong><\/p>\n<p>You can request infor\u00adma\u00adti\u00adon from us as to whe\u00adther and to what ext\u00adent we pro\u00adcess your data.<\/p>\n<p><strong>Right to rec\u00adti\u00adfi\u00adca\u00adti\u00adon:<\/strong><\/p>\n<p>If we pro\u00adcess your data that is incom\u00adple\u00adte or incor\u00adrect, you can request that we cor\u00adrect or com\u00adple\u00adte it at any time.<\/p>\n<p><strong>Right to era\u00adsu\u00adre:<\/strong><\/p>\n<p>You can request that we era\u00adse your data if we pro\u00adcess it unlawful\u00adly or if the pro\u00adces\u00adsing dis\u00adpro\u00adpor\u00adtio\u00adna\u00adte\u00adly inter\u00adfe\u00adres with your legi\u00adti\u00adma\u00adte pro\u00adtec\u00adtion inte\u00adrests. Plea\u00adse note that the\u00adre may be reasons that pre\u00advent imme\u00addia\u00adte era\u00adsu\u00adre, e.g. in the case of sta\u00adtu\u00adto\u00adry reten\u00adti\u00adon obli\u00adga\u00adti\u00adons. <\/p>\n<p>Irre\u00adspec\u00adti\u00adve of the exer\u00adcise of your right to era\u00adsu\u00adre, we will era\u00adse your data imme\u00addia\u00adte\u00adly and com\u00adple\u00adte\u00adly, pro\u00advi\u00added that the\u00adre is no legal or sta\u00adtu\u00adto\u00adry reten\u00adti\u00adon obli\u00adga\u00adti\u00adon to the con\u00adtra\u00adry.<\/p>\n<p><strong>Right to rest\u00adric\u00adtion of pro\u00adces\u00adsing:<\/strong><\/p>\n<p>You can request that we rest\u00adrict the pro\u00adces\u00adsing of your data if<\/p>\n<ul>\n<li>you con\u00adtest the accu\u00adra\u00adcy of the data, for a peri\u00adod enab\u00adling us to veri\u00adfy the accu\u00adra\u00adcy of the data.<\/li>\n<li>the pro\u00adces\u00adsing of the data is unlawful, but you refu\u00adse to have it era\u00adsed and ins\u00adtead request that the use of the data be rest\u00adric\u00adted,<\/li>\n<li>we no lon\u00adger need the data for the inten\u00added pur\u00adpo\u00adse, but you still need this data to assert or defend legal claims, or<\/li>\n<li>you have objec\u00adted to the pro\u00adces\u00adsing of the data.<\/li>\n<\/ul>\n<p><strong>Right to data por\u00adta\u00adbi\u00adli\u00adty:<\/strong><\/p>\n<p>You may request that we pro\u00advi\u00adde you with the data you have pro\u00advi\u00added to us in a struc\u00adtu\u00adred, com\u00admon\u00adly used and machi\u00adne-rea\u00adda\u00adble for\u00admat and that you may trans\u00admit this data to ano\u00adther con\u00adtrol\u00adler wit\u00adhout hin\u00addrance from us, pro\u00advi\u00added that<\/p>\n<ul>\n<li>we pro\u00adcess this data on the basis of your revo\u00adca\u00adble con\u00adsent or for the per\u00adfor\u00admance of a con\u00adtract bet\u00adween us, and<\/li>\n<li>this pro\u00adces\u00adsing is car\u00adri\u00aded out by auto\u00adma\u00adted means.<\/li>\n<\/ul>\n<p>If tech\u00adni\u00adcal\u00adly fea\u00adsi\u00adble, you can request that we trans\u00adfer your data direct\u00adly to ano\u00adther con\u00adtrol\u00adler.<\/p>\n<p><strong>Right of objec\u00adtion:<\/strong><\/p>\n<p>If we pro\u00adcess your data for legi\u00adti\u00adma\u00adte inte\u00adrests, you can object to this data pro\u00adces\u00adsing at any time; this would also app\u00adly to pro\u00adfil\u00ading based on the\u00adse pro\u00advi\u00adsi\u00adons. We will then no lon\u00adger pro\u00adcess your data unless we can demons\u00adtra\u00adte com\u00adpel\u00adling legi\u00adti\u00adma\u00adte grounds for the pro\u00adces\u00adsing which over\u00adri\u00adde your inte\u00adrests, rights and free\u00addoms or the pro\u00adces\u00adsing ser\u00adves the estab\u00adlish\u00adment, exer\u00adcise or defen\u00adse of legal claims. You can object to the pro\u00adces\u00adsing of your data for the pur\u00adpo\u00adse of direct adver\u00adti\u00adsing at any time wit\u00adhout giving reasons.  <\/p>\n<p><strong>Right of appeal:<\/strong><\/p>\n<p>If you are of the opi\u00adni\u00adon that we are vio\u00adla\u00adting Ger\u00adman or Euro\u00adpean data pro\u00adtec\u00adtion law when pro\u00adces\u00adsing your data, plea\u00adse cont\u00adact us so that we can cla\u00adri\u00adfy any ques\u00adti\u00adons you may have. Of cour\u00adse, you also have the right to cont\u00adact the super\u00advi\u00adso\u00adry aut\u00adho\u00adri\u00adty respon\u00adsi\u00adble for you, the respec\u00adti\u00adve sta\u00adte office for data pro\u00adtec\u00adtion super\u00advi\u00adsi\u00adon. <\/p>\n<p>If you wish to assert one of the\u00adse rights against us, plea\u00adse cont\u00adact our data pro\u00adtec\u00adtion offi\u00adcer. In case of doubt, we may request addi\u00adtio\u00adnal infor\u00adma\u00adti\u00adon to con\u00adfirm your iden\u00adti\u00adty. <\/p>\n<h3 data-fontsize=\"36\" style=\"--fontSize: 36;line-height: 1.2\" data-lineheight=\"43.2px\" class=\"fusion-responsive-typography-calculated\">9. am I obliged to provide data?<\/h3>\n<p>The pro\u00adces\u00adsing of your data is neces\u00adsa\u00adry for the con\u00adclu\u00adsi\u00adon or ful\u00adfill\u00adment of the con\u00adtract you have ente\u00adred into with us. If you do not pro\u00advi\u00adde us with this data, we will gene\u00adral\u00adly have to refu\u00adse to con\u00adclude the con\u00adtract or will no lon\u00adger be able to per\u00adform an exis\u00adting con\u00adtract and will the\u00adr\u00ade\u00adfo\u00adre have to ter\u00admi\u00adna\u00adte it. Howe\u00adver, you are not obli\u00adged to give your con\u00adsent to data pro\u00adces\u00adsing with regard to data that is not rele\u00advant or legal\u00adly requi\u00adred for the ful\u00adfill\u00adment of the con\u00adtract.  <\/p>\n<p>Sta\u00adtus August 2025<\/p>\n<\/div><\/div><\/div><\/div><\/div>\n","protected":false},"excerpt":{"rendered":"","protected":false},"author":2,"featured_media":0,"parent":0,"menu_order":0,"comment_status":"closed","ping_status":"closed","template":"100-width.php","meta":{"wp_typography_post_enhancements_disabled":false,"footnotes":""},"class_list":["post-5374","page","type-page","status-publish","hentry"],"yoast_head":"<!-- This site is optimized with the Yoast SEO plugin v27.4 - https:\/\/yoast.com\/product\/yoast-seo-wordpress\/ -->\n<title>Duty to inform - Decker Anlagenbau<\/title>\n<meta name=\"description\" content=\"Here you can find out how your data is processed by us and for what purposes it is stored.\" \/>\n<meta name=\"robots\" content=\"index, follow, max-snippet:-1, max-image-preview:large, max-video-preview:-1\" \/>\n<link rel=\"canonical\" href=\"https:\/\/decker-anlagenbau.de\/en\/duty-to-inform\/\" \/>\n<meta property=\"og:locale\" content=\"en_US\" \/>\n<meta property=\"og:type\" content=\"article\" \/>\n<meta property=\"og:title\" content=\"Duty to inform - Decker Anlagenbau\" \/>\n<meta property=\"og:description\" content=\"Here you can find out how your data is processed by us and for what purposes it is stored.\" \/>\n<meta property=\"og:url\" content=\"https:\/\/decker-anlagenbau.de\/en\/duty-to-inform\/\" \/>\n<meta property=\"og:site_name\" content=\"Decker Anlagenbau\" \/>\n<meta property=\"article:modified_time\" content=\"2026-04-27T13:13:04+00:00\" \/>\n<meta name=\"twitter:card\" content=\"summary_large_image\" \/>\n<meta name=\"twitter:label1\" content=\"Est. reading time\" \/>\n\t<meta name=\"twitter:data1\" content=\"15 minutes\" \/>\n<script type=\"application\/ld+json\" class=\"yoast-schema-graph\">{\"@context\":\"https:\\\/\\\/schema.org\",\"@graph\":[{\"@type\":\"WebPage\",\"@id\":\"https:\\\/\\\/decker-anlagenbau.de\\\/en\\\/duty-to-inform\\\/\",\"url\":\"https:\\\/\\\/decker-anlagenbau.de\\\/en\\\/duty-to-inform\\\/\",\"name\":\"Duty to inform - Decker Anlagenbau\",\"isPartOf\":{\"@id\":\"https:\\\/\\\/decker-anlagenbau.de\\\/en\\\/#website\"},\"datePublished\":\"2024-09-24T12:08:51+00:00\",\"dateModified\":\"2026-04-27T13:13:04+00:00\",\"description\":\"Here you can find out how your data is processed by us and for what purposes it is stored.\",\"breadcrumb\":{\"@id\":\"https:\\\/\\\/decker-anlagenbau.de\\\/en\\\/duty-to-inform\\\/#breadcrumb\"},\"inLanguage\":\"en-US\",\"potentialAction\":[{\"@type\":\"ReadAction\",\"target\":[\"https:\\\/\\\/decker-anlagenbau.de\\\/en\\\/duty-to-inform\\\/\"]}]},{\"@type\":\"BreadcrumbList\",\"@id\":\"https:\\\/\\\/decker-anlagenbau.de\\\/en\\\/duty-to-inform\\\/#breadcrumb\",\"itemListElement\":[{\"@type\":\"ListItem\",\"position\":1,\"name\":\"Startseite\",\"item\":\"https:\\\/\\\/decker-anlagenbau.de\\\/en\\\/\"},{\"@type\":\"ListItem\",\"position\":2,\"name\":\"Duty to inform\"}]},{\"@type\":\"WebSite\",\"@id\":\"https:\\\/\\\/decker-anlagenbau.de\\\/en\\\/#website\",\"url\":\"https:\\\/\\\/decker-anlagenbau.de\\\/en\\\/\",\"name\":\"Decker Anlagenbau\",\"description\":\"\",\"potentialAction\":[{\"@type\":\"SearchAction\",\"target\":{\"@type\":\"EntryPoint\",\"urlTemplate\":\"https:\\\/\\\/decker-anlagenbau.de\\\/en\\\/?s={search_term_string}\"},\"query-input\":{\"@type\":\"PropertyValueSpecification\",\"valueRequired\":true,\"valueName\":\"search_term_string\"}}],\"inLanguage\":\"en-US\"}]}<\/script>\n<!-- \/ Yoast SEO plugin. -->","yoast_head_json":{"title":"Duty to inform - Decker Anlagenbau","description":"Here you can find out how your data is processed by us and for what purposes it is stored.","robots":{"index":"index","follow":"follow","max-snippet":"max-snippet:-1","max-image-preview":"max-image-preview:large","max-video-preview":"max-video-preview:-1"},"canonical":"https:\/\/decker-anlagenbau.de\/en\/duty-to-inform\/","og_locale":"en_US","og_type":"article","og_title":"Duty to inform - Decker Anlagenbau","og_description":"Here you can find out how your data is processed by us and for what purposes it is stored.","og_url":"https:\/\/decker-anlagenbau.de\/en\/duty-to-inform\/","og_site_name":"Decker Anlagenbau","article_modified_time":"2026-04-27T13:13:04+00:00","twitter_card":"summary_large_image","twitter_misc":{"Est. reading time":"15 minutes"},"schema":{"@context":"https:\/\/schema.org","@graph":[{"@type":"WebPage","@id":"https:\/\/decker-anlagenbau.de\/en\/duty-to-inform\/","url":"https:\/\/decker-anlagenbau.de\/en\/duty-to-inform\/","name":"Duty to inform - Decker Anlagenbau","isPartOf":{"@id":"https:\/\/decker-anlagenbau.de\/en\/#website"},"datePublished":"2024-09-24T12:08:51+00:00","dateModified":"2026-04-27T13:13:04+00:00","description":"Here you can find out how your data is processed by us and for what purposes it is stored.","breadcrumb":{"@id":"https:\/\/decker-anlagenbau.de\/en\/duty-to-inform\/#breadcrumb"},"inLanguage":"en-US","potentialAction":[{"@type":"ReadAction","target":["https:\/\/decker-anlagenbau.de\/en\/duty-to-inform\/"]}]},{"@type":"BreadcrumbList","@id":"https:\/\/decker-anlagenbau.de\/en\/duty-to-inform\/#breadcrumb","itemListElement":[{"@type":"ListItem","position":1,"name":"Startseite","item":"https:\/\/decker-anlagenbau.de\/en\/"},{"@type":"ListItem","position":2,"name":"Duty to inform"}]},{"@type":"WebSite","@id":"https:\/\/decker-anlagenbau.de\/en\/#website","url":"https:\/\/decker-anlagenbau.de\/en\/","name":"Decker Anlagenbau","description":"","potentialAction":[{"@type":"SearchAction","target":{"@type":"EntryPoint","urlTemplate":"https:\/\/decker-anlagenbau.de\/en\/?s={search_term_string}"},"query-input":{"@type":"PropertyValueSpecification","valueRequired":true,"valueName":"search_term_string"}}],"inLanguage":"en-US"}]}},"_links":{"self":[{"href":"https:\/\/decker-anlagenbau.de\/en\/wp-json\/wp\/v2\/pages\/5374","targetHints":{"allow":["GET"]}}],"collection":[{"href":"https:\/\/decker-anlagenbau.de\/en\/wp-json\/wp\/v2\/pages"}],"about":[{"href":"https:\/\/decker-anlagenbau.de\/en\/wp-json\/wp\/v2\/types\/page"}],"author":[{"embeddable":true,"href":"https:\/\/decker-anlagenbau.de\/en\/wp-json\/wp\/v2\/users\/2"}],"replies":[{"embeddable":true,"href":"https:\/\/decker-anlagenbau.de\/en\/wp-json\/wp\/v2\/comments?post=5374"}],"version-history":[{"count":2,"href":"https:\/\/decker-anlagenbau.de\/en\/wp-json\/wp\/v2\/pages\/5374\/revisions"}],"predecessor-version":[{"id":5378,"href":"https:\/\/decker-anlagenbau.de\/en\/wp-json\/wp\/v2\/pages\/5374\/revisions\/5378"}],"wp:attachment":[{"href":"https:\/\/decker-anlagenbau.de\/en\/wp-json\/wp\/v2\/media?parent=5374"}],"curies":[{"name":"wp","href":"https:\/\/api.w.org\/{rel}","templated":true}]}}