{"id":5257,"date":"2024-09-17T13:21:34","date_gmt":"2024-09-17T11:21:34","guid":{"rendered":"https:\/\/decker-anlagenbau.de\/data-protection\/"},"modified":"2026-04-27T15:12:33","modified_gmt":"2026-04-27T13:12:33","slug":"data-protection","status":"publish","type":"page","link":"https:\/\/decker-anlagenbau.de\/en\/data-protection\/","title":{"rendered":"Data protection"},"content":{"rendered":"<p><\/p><div class=\"fusion-fullwidth fullwidth-box fusion-builder-row-1 fusion-flex-container has-pattern-background has-mask-background fusion-parallax-none hundred-percent-fullwidth non-hundred-percent-height-scrolling fusion-no-small-visibility fusion-no-medium-visibility\" style=\"--awb-border-radius-top-left:0px;--awb-border-radius-top-right:0px;--awb-border-radius-bottom-right:0px;--awb-border-radius-bottom-left:0px;--awb-padding-right:0px;--awb-padding-left:0px;--awb-min-height:750px;--awb-background-image:url(&quot;https:\/\/decker-anlagenbau.de\/wp-content\/uploads\/sites\/2\/2025\/07\/202507_Luftaufnahmen_Wegscheid_04.jpg&quot;);--awb-background-size:cover;--awb-flex-wrap:wrap;\"><div class=\"fusion-builder-row fusion-row fusion-flex-align-items-flex-end fusion-flex-content-wrap\" style=\"width:104% !important;max-width:104% !important;margin-left: calc(-4% \/ 2 );margin-right: calc(-4% \/ 2 );\"><div class=\"fusion-layout-column fusion_builder_column fusion-builder-column-0 fusion_builder_column_1_1 1_1 fusion-flex-column\" style=\"--awb-bg-image:url('https:\/\/decker-anlagenbau.de\/wp-content\/uploads\/sites\/2\/2025\/07\/Videomaske-1920x358-3.svg');--awb-bg-size:cover;--awb-width-large:100%;--awb-margin-top-large:0px;--awb-spacing-right-large:1.92%;--awb-margin-bottom-large:0px;--awb-spacing-left-large:1.92%;--awb-width-medium:100%;--awb-order-medium:0;--awb-spacing-right-medium:1.92%;--awb-spacing-left-medium:1.92%;--awb-width-small:100%;--awb-order-small:0;--awb-spacing-right-small:1.92%;--awb-spacing-left-small:1.92%;\"><div class=\"fusion-column-wrapper fusion-column-has-shadow fusion-flex-justify-content-flex-start fusion-content-layout-column fusion-empty-column-bg-image fusion-column-has-bg-image\" data-bg-url=\"https:\/\/decker-anlagenbau.de\/wp-content\/uploads\/sites\/2\/2025\/07\/Videomaske-1920x358-3.svg\"><img decoding=\"async\" class=\"fusion-empty-dims-img-placeholder\" alt=\"Wei\u00dfe Schr\u00e4ge mit gr\u00fcnem Balken als Designelement\" aria-label=\"Wei\u00dfe Schr\u00e4ge mit gr\u00fcnem Balken\" src=\"data:image\/svg+xml,%3Csvg%20xmlns%3D%27http%3A%2F%2Fwww.w3.org%2F2000%2Fsvg%27%20width%3D%271920%27%20height%3D%27358%27%20viewBox%3D%270%200%201920%20358%27%3E%3Crect%20width%3D%271920%27%20height%3D%27358%27%20fill-opacity%3D%220%22%2F%3E%3C%2Fsvg%3E\"><\/div><\/div>\n<\/div><\/div><div class=\"fusion-fullwidth fullwidth-box fusion-builder-row-2 fusion-flex-container has-pattern-background has-mask-background hundred-percent-fullwidth non-hundred-percent-height-scrolling\" style=\"--awb-border-radius-top-left:0px;--awb-border-radius-top-right:0px;--awb-border-radius-bottom-right:0px;--awb-border-radius-bottom-left:0px;--awb-padding-right:0px;--awb-padding-left:0px;--awb-margin-top:-150px;--awb-margin-bottom:110px;--awb-margin-top-medium:50px;--awb-margin-bottom-medium:50px;--awb-margin-top-small:-40px;--awb-margin-bottom-small:0px;--awb-flex-wrap:wrap;\"><div class=\"fusion-builder-row fusion-row fusion-flex-align-items-flex-start fusion-flex-content-wrap\" style=\"width:104% !important;max-width:104% !important;margin-left: calc(-4% \/ 2 );margin-right: calc(-4% \/ 2 );\"><div class=\"fusion-layout-column fusion_builder_column fusion-builder-column-1 fusion_builder_column_1_1 1_1 fusion-flex-column\" style=\"--awb-padding-right:800px;--awb-padding-left:192px;--awb-padding-top-medium:50px;--awb-padding-right-medium:300px;--awb-padding-left-medium:50px;--awb-padding-right-small:35px;--awb-padding-left-small:30px;--awb-bg-size:cover;--awb-width-large:100%;--awb-margin-top-large:0px;--awb-spacing-right-large:1.92%;--awb-margin-bottom-large:0px;--awb-spacing-left-large:1.92%;--awb-width-medium:100%;--awb-order-medium:0;--awb-spacing-right-medium:1.92%;--awb-spacing-left-medium:1.92%;--awb-width-small:100%;--awb-order-small:0;--awb-margin-top-small:50px;--awb-spacing-right-small:1.92%;--awb-margin-bottom-small:0px;--awb-spacing-left-small:2.4%;\"><div class=\"fusion-column-wrapper fusion-column-has-shadow fusion-flex-justify-content-flex-start fusion-content-layout-column\"><div class=\"fusion-title title fusion-title-1 fusion-sep-none fusion-title-text fusion-title-size-one\"><h1 class=\"fusion-title-heading title-heading-left\" style=\"margin:0;\">Data protection<span style=\"color: var(--awb-color5);\">.<\/span><\/h1><\/div><\/div><\/div><\/div><\/div><div class=\"fusion-fullwidth fullwidth-box fusion-builder-row-3 fusion-flex-container has-pattern-background has-mask-background nonhundred-percent-fullwidth non-hundred-percent-height-scrolling\" style=\"--awb-border-radius-top-left:0px;--awb-border-radius-top-right:0px;--awb-border-radius-bottom-right:0px;--awb-border-radius-bottom-left:0px;--awb-padding-left:200px;--awb-padding-left-medium:50px;--awb-padding-top-small:0px;--awb-padding-right-small:0px;--awb-padding-bottom-small:0px;--awb-padding-left-small:0px;--awb-flex-wrap:wrap;\"><div class=\"fusion-builder-row fusion-row fusion-flex-align-items-flex-start fusion-flex-content-wrap\" style=\"max-width:104%;margin-left: calc(-4% \/ 2 );margin-right: calc(-4% \/ 2 );\"><div class=\"fusion-layout-column fusion_builder_column fusion-builder-column-2 fusion_builder_column_2_3 2_3 fusion-flex-column\" style=\"--awb-padding-right-small:30px;--awb-padding-left-small:30px;--awb-bg-size:cover;--awb-width-large:66.666666666667%;--awb-margin-top-large:0px;--awb-spacing-right-large:2.88%;--awb-margin-bottom-large:20px;--awb-spacing-left-large:0%;--awb-width-medium:66.666666666667%;--awb-order-medium:0;--awb-spacing-right-medium:0%;--awb-spacing-left-medium:0%;--awb-width-small:100%;--awb-order-small:0;--awb-margin-top-small:-40px;--awb-spacing-right-small:1.92%;--awb-spacing-left-small:2.4%;\"><div class=\"fusion-column-wrapper fusion-column-has-shadow fusion-flex-justify-content-flex-start fusion-content-layout-column\"><div class=\"fusion-text fusion-text-1 fusion-text-no-margin\" style=\"--awb-font-size:var(--awb-typography4-font-size);--awb-line-height:var(--awb-typography4-line-height);--awb-letter-spacing:var(--awb-typography4-letter-spacing);--awb-text-transform:var(--awb-typography4-text-transform);--awb-margin-right:0px;--awb-margin-left:0px;--awb-margin-left-small:-10px;--awb-text-font-family:var(--awb-typography4-font-family);--awb-text-font-weight:var(--awb-typography4-font-weight);--awb-text-font-style:var(--awb-typography4-font-style);\"><div class=\"cmsportlet_cms mox_cms col-md-12 clearfix \">\n<p><span style=\"letter-spacing: 0.24px; background-color: rgba(0, 0, 0, 0);\">The pro\u00adtec\u00adtion of your pri\u00adva\u00adcy when pro\u00adces\u00adsing per\u00adso\u00adnal data is an important con\u00adcern for us. When you visit our web\u00adsite, our web ser\u00advers store the IP of your Inter\u00adnet ser\u00advice pro\u00advi\u00adder, the web\u00adsite from which you visit us, the web pages you visit on our site and the date and dura\u00adti\u00adon of your visit as stan\u00addard. This infor\u00adma\u00adti\u00adon is essen\u00adti\u00adal for the tech\u00adni\u00adcal trans\u00admis\u00adsi\u00adon of the web pages and secu\u00adre ser\u00adver ope\u00adra\u00adti\u00adon. The\u00adre is no per\u00adso\u00adna\u00adli\u00adzed eva\u00adlua\u00adti\u00adon of this data.   <\/span><\/p>\n<p>If you send us data via the cont\u00adact form, this data will be stored on our ser\u00advers as part of the data back\u00adup pro\u00adcess. Your data will only be used by us to pro\u00adcess your request. Your data will be trea\u00adted as strict\u00adly con\u00adfi\u00adden\u00adti\u00adal. It will not be pas\u00adsed on to third par\u00adties.   <\/p>\n<h2>Responsible body:<\/h2>\n<p><span style=\"letter-spacing: 0.24px; background-color: rgba(0, 0, 0, 0);\"><b>DECKER Anla\u00adgen\u00adbau GmbH<br><\/b><\/span><span style=\"letter-spacing: 0.24px; background-color: rgba(0, 0, 0, 0);\">Weg\u00adscheid 1a, 92334 Ber\u00adching<br><\/span><span style=\"letter-spacing: 0.24px; background-color: rgba(0, 0, 0, 0);\">Pho\u00adne: <a href=\"tel:+4984622006170\">+49 8462 20 06 17\u20130<\/a><br><\/span><span style=\"letter-spacing: 0.24px; background-color: rgba(0, 0, 0, 0);\"><a href=\"mailto:info@decker-anlagenbau.de\">info@decker-anlagenbau.de<\/a><\/span><\/p>\n<h3 data-fontsize=\"36\" style=\"--fontSize: 36;line-height: 1.2\" data-lineheight=\"43.2px\" class=\"fusion-responsive-typography-calculated\">Personal data<\/h3>\n<p>Per\u00adso\u00adnal data is data about your per\u00adson. This includes your name, your address and your e\u2011mail address. You do not have to dis\u00adc\u00adlo\u00adse any per\u00adso\u00adnal data in order to visit our web\u00adsite. In some cases, we need your name and address as well as other infor\u00adma\u00adti\u00adon in order to be able to offer you the reques\u00adted ser\u00advice.   <\/p>\n<p>The same appli\u00ades if we sup\u00adp\u00adly you with infor\u00adma\u00adti\u00adon mate\u00adri\u00adal on request or if we ans\u00adwer your inqui\u00adries. In the\u00adse cases, we will always point this out to you. Fur\u00adther\u00admo\u00adre, we only store the data that you have trans\u00admit\u00adted to us auto\u00adma\u00adti\u00adcal\u00adly or vol\u00adun\u00adt\u00ada\u00adri\u00adly.  <\/p>\n<p>When you use one of our ser\u00advices, we gene\u00adral\u00adly only coll\u00adect the data that is neces\u00adsa\u00adry to pro\u00advi\u00adde you with our ser\u00advice. We may ask you for fur\u00adther infor\u00adma\u00adti\u00adon, but this is vol\u00adun\u00adt\u00ada\u00adry. When\u00adever we pro\u00adcess per\u00adso\u00adnal data, we do so in order to be able to offer you our ser\u00advice or to pur\u00adsue our com\u00admer\u00adcial objec\u00adti\u00adves.  <\/p>\n<h3 data-fontsize=\"36\" style=\"--fontSize: 36;line-height: 1.2\" data-lineheight=\"43.2px\" class=\"fusion-responsive-typography-calculated\">Automatically stored non-personal data<br><\/h3>\n<h4>Server log files<\/h4>\n<p>The pro\u00advi\u00adder of the pages auto\u00adma\u00adti\u00adcal\u00adly coll\u00adects and stores infor\u00adma\u00adti\u00adon in so-cal\u00adled ser\u00adver log files, which your brow\u00adser auto\u00adma\u00adti\u00adcal\u00adly trans\u00admits to us. The\u00adse are <\/p>\n<ul>\n<li>Date and time of the request<\/li>\n<li>Name of the reques\u00adted file<\/li>\n<li>Page from which the file was reques\u00adted<\/li>\n<li>Access sta\u00adtus (file trans\u00adfer\u00adred, file not found, etc.)<\/li>\n<li>Web brow\u00adser and ope\u00adra\u00adting sys\u00adtem used<\/li>\n<li>Com\u00adple\u00adte IP address of the reques\u00adt\u00ading com\u00adpu\u00adter<\/li>\n<li>Amount of data trans\u00adfer\u00adred<\/li>\n<\/ul>\n<p>This data is not mer\u00adged with other data sources. Pro\u00adces\u00adsing is car\u00adri\u00aded out in accordance with Art. 6 para. 1 lit. f GDPR on the basis of our legi\u00adti\u00adma\u00adte inte\u00adrest in impro\u00adving the sta\u00adbi\u00adli\u00adty and func\u00adtion\u00ada\u00adli\u00adty of our web\u00adsite.   <\/p>\n<p>For reasons of tech\u00adni\u00adcal secu\u00adri\u00adty, in par\u00adti\u00adcu\u00adlar to defend against attempt\u00aded attacks on our web ser\u00adver, this data is stored by us for a short time. It is not pos\u00adsi\u00adble for us to iden\u00adti\u00adfy indi\u00advi\u00addu\u00adal per\u00adsons from this data. After seven days at the latest, the data is anony\u00admi\u00adzed by shor\u00adtening the IP address at domain level so that it is no lon\u00adger pos\u00adsi\u00adble to estab\u00adlish a link to the indi\u00advi\u00addu\u00adal user. The data is also pro\u00adces\u00adsed in anony\u00admi\u00adzed form for sta\u00adtis\u00adti\u00adcal pur\u00adpo\u00adses; it is not com\u00adpared with other data\u00adba\u00adses or pas\u00adsed on to third par\u00adties, even in excerp\u00adts.   <\/p>\n<h4>Cookies<\/h4>\n<p>We would like to inform you that tech\u00adni\u00adcal coo\u00adkies are neces\u00adsa\u00adry for the ope\u00adra\u00adti\u00adon of the web\u00adsite. We store the\u00adse coo\u00adkies for a maxi\u00admum of 90 days. Coo\u00adkies are small files that are trans\u00adfer\u00adred from a web ser\u00adver to your brow\u00adser and stored on your hard disk. The legal basis for the use of coo\u00adkies is Art. 6 para. 1 lit. f GDPR. Only the inter\u00adnet pro\u00adto\u00adcol address is stored \u2014 no other per\u00adso\u00adnal data. This infor\u00adma\u00adti\u00adon, which is stored in the coo\u00adkies, makes it pos\u00adsi\u00adble to auto\u00adma\u00adti\u00adcal\u00adly reco\u00adgni\u00adze you the next time you visit our web\u00adsite, which makes it easier for you to use it.      <\/p>\n<p>Of cour\u00adse, you can also visit our web\u00adsites wit\u00adhout accep\u00adting coo\u00adkies. If you do not want your com\u00adpu\u00adter to be reco\u00adgni\u00adzed on your next visit, you can also reject the use of coo\u00adkies by chan\u00adging the set\u00adtings in your brow\u00adser to \u201eReject coo\u00adkies\u201c. The respec\u00adti\u00adve pro\u00adce\u00addu\u00adre can be found in the ope\u00adra\u00adting ins\u00adtruc\u00adtions of your respec\u00adti\u00adve brow\u00adser. Howe\u00adver, if you reject the use of coo\u00adkies, this may rest\u00adrict the use of some are\u00adas of our web\u00adsite.   <\/p>\n<h4>AWStats<\/h4>\n<p>We use the AWStats pro\u00adgram to sta\u00adtis\u00adti\u00adcal\u00adly eva\u00adlua\u00adte our web\u00adsite. The pro\u00adgram is a free web ana\u00adly\u00adsis soft\u00adware. It is used to ana\u00adly\u00adze log files that web ser\u00advers crea\u00adte on the basis of visi\u00adtor requests. The pro\u00adgram does not use coo\u00adkie files for the ana\u00adly\u00adsis. The sta\u00adtis\u00adti\u00adcal ana\u00adly\u00adsis is car\u00adri\u00aded out via the log files, which also con\u00adtain IP addres\u00adses. As a rule, this data can\u00adnot be assi\u00adgned to spe\u00adci\u00adfic per\u00adsons. This data is not mer\u00adged with other data sources, and the data is dele\u00adted after sta\u00adtis\u00adti\u00adcal ana\u00adly\u00adsis.      <\/p>\n<p>In con\u00adtrast to other sta\u00adtis\u00adtics pro\u00adgrams, AWStats does not trans\u00admit any data to a third-par\u00adty ser\u00adver. The pro\u00adgram is instal\u00adled on a hos\u00adting packa\u00adge. This also pre\u00advents data being trans\u00adfer\u00adred abroad, for exam\u00adp\u00adle, as our ser\u00adver is loca\u00adli\u00adzed in Ger\u00adma\u00adny.  <\/p>\n<h4>Google Analytics with anonymization function<\/h4>\n<p>We use Goog\u00adle Ana\u00adly\u00adtics on our web\u00adsite, a web ana\u00adly\u00adsis ser\u00advice pro\u00advi\u00added by Goog\u00adle Inc, 1600 Amphi\u00adtheat\u00adre Park\u00adway, Moun\u00adtain View, CA 94043 USA, her\u00adein\u00adaf\u00adter refer\u00adred to as \u201eGoog\u00adle\u201c. Goog\u00adle Ana\u00adly\u00adtics uses \u201ecoo\u00adkies\u201c, which are text files pla\u00adced on your com\u00adpu\u00adter, to help the web\u00adsite ana\u00adly\u00adze how users use the site.<\/p>\n<p>The infor\u00adma\u00adti\u00adon gene\u00adra\u00adted by the\u00adse coo\u00adkies, such as the time, place and fre\u00adquen\u00adcy of your web\u00adsite visit, inclu\u00adding your IP address, is trans\u00admit\u00adted to Goog\u00adle in the USA and stored the\u00adre.<\/p>\n<p>We use Goog\u00adle Ana\u00adly\u00adtics with the addi\u00adti\u00adon \u201e_gat._anonymizeIp\u201c on our web\u00adsite. In this case, your IP address will alre\u00ada\u00addy be shor\u00adten\u00aded by Goog\u00adle within mem\u00adber sta\u00adtes of the Euro\u00adpean Uni\u00adon or in other con\u00adtrac\u00adting sta\u00adtes of the Agree\u00adment on the Euro\u00adpean Eco\u00adno\u00admic Area and thus anony\u00admi\u00adzed. <\/p>\n<p>Goog\u00adle will use this infor\u00adma\u00adti\u00adon for the pur\u00adpo\u00adse of eva\u00adlua\u00adting your use of our web\u00adsite, com\u00adpi\u00adling reports on web\u00adsite acti\u00advi\u00adty for us and pro\u00advi\u00adding other ser\u00advices rela\u00adting to web\u00adsite acti\u00advi\u00adty and inter\u00adnet usa\u00adge. Goog\u00adle may also trans\u00adfer this infor\u00adma\u00adti\u00adon to third par\u00adties whe\u00adre requi\u00adred to do so by law, or whe\u00adre such third par\u00adties pro\u00adcess the infor\u00adma\u00adti\u00adon on Goo\u00adg\u00adle\u2019s behalf. <\/p>\n<p>Goog\u00adle sta\u00adtes that it will not asso\u00adcia\u00adte your IP address with any other data held by Goog\u00adle. You may refu\u00adse the use of coo\u00adkies by sel\u00adec\u00adting the appro\u00adpria\u00adte set\u00adtings on your brow\u00adser, howe\u00adver plea\u00adse note that if you do this you may not be able to use the full func\u00adtion\u00ada\u00adli\u00adty of our web\u00adsite. <\/p>\n<p>Fur\u00adther\u00admo\u00adre, Goog\u00adle offers a deac\u00adti\u00adva\u00adti\u00adon add-on for the most com\u00admon brow\u00adsers, which gives you more con\u00adtrol over what data Goog\u00adle coll\u00adects about the web\u00adsites you visit. The add-on informs the Java\u00adScript (ga.js) of Goog\u00adle Ana\u00adly\u00adtics that no infor\u00adma\u00adti\u00adon about the web\u00adsite visit should be trans\u00admit\u00adted to Goog\u00adle Ana\u00adly\u00adtics. Howe\u00adver, the deac\u00adti\u00adva\u00adti\u00adon add-on for brow\u00adsers from Goog\u00adle Ana\u00adly\u00adtics does not pre\u00advent infor\u00adma\u00adti\u00adon from being trans\u00admit\u00adted to us or to other web ana\u00adly\u00adsis ser\u00advices that we may use. For more infor\u00adma\u00adti\u00adon on instal\u00adling the brow\u00adser add-on, plea\u00adse click on the fol\u00adlo\u00adwing link:   <\/p>\n<p><a href=\"https:\/\/tools.google.com\/dlpage\/gaoptout?hl=de\">https:\/\/tools.google.com\/dlpage\/gaoptout?hl=de<\/a><\/p>\n<p><span style=\"letter-spacing: 0.24px; background-color: rgba(0, 0, 0, 0);\">If you have con\u00adsen\u00adted to your web and app brow\u00adsing histo\u00adry being lin\u00adked by Goog\u00adle to your Goog\u00adle account and infor\u00adma\u00adti\u00adon from your Goog\u00adle account being used to per\u00adso\u00adna\u00adli\u00adze ads, Goog\u00adle will use your data tog\u00ade\u00adther with Goog\u00adle Ana\u00adly\u00adtics data to crea\u00adte tar\u00adget group lists for cross-device remar\u00adke\u00adting. To do this, Goog\u00adle Ana\u00adly\u00adtics first coll\u00adects your Goog\u00adle-authen\u00adti\u00adca\u00adted ID on our web\u00adsite, which is lin\u00adked to your Goog\u00adle account (i.e. per\u00adso\u00adnal data). Goog\u00adle Ana\u00adly\u00adtics then tem\u00adpo\u00adr\u00ada\u00adri\u00adly links your ID with your Goog\u00adle Ana\u00adly\u00adtics data in order to opti\u00admi\u00adze our tar\u00adget groups.  <\/span><\/p>\n<p>If you do not agree to this, you can turn it off by making the appro\u00adpria\u00adte set\u00adtings in the \u201eMy account\u201c sec\u00adtion of your Goog\u00adle account.<\/p>\n<h4>Google Maps<\/h4>\n<p>This web\u00adsite uses Goog\u00adle Maps to dis\u00adplay maps and to crea\u00adte direc\u00adtions.<\/p>\n<p>Goog\u00adle Maps is ope\u00adra\u00adted by Goog\u00adle Ire\u00adland Limi\u00adt\u00aded, Gor\u00addon House, Bar\u00adrow Street, Dub\u00adlin 4, Ire\u00adland. By using Goog\u00adle Maps on this web\u00adsite, you con\u00adsent to the coll\u00adec\u00adtion, pro\u00adces\u00adsing and use of the data coll\u00adec\u00adted auto\u00adma\u00adti\u00adcal\u00adly and the data you enter by Goog\u00adle, one of its repre\u00adsen\u00adta\u00adti\u00adves or third-par\u00adty pro\u00advi\u00adders. <\/p>\n<p><a href=\"https:\/\/www.google.com\/intl\/de_de\/help\/terms_maps\/\">The terms of use for Goog\u00adle Maps can be found here.<\/a><\/p>\n<p><a href=\"https:\/\/policies.google.com\/privacy?hl=de&amp;gl=de\">You can view the Goog\u00adle Maps pri\u00adva\u00adcy poli\u00adcy here.<\/a><\/p>\n<h4>Security<\/h4>\n<p>We have taken tech\u00adni\u00adcal and admi\u00adnis\u00adtra\u00adti\u00adve secu\u00adri\u00adty pre\u00adcau\u00adti\u00adons to pro\u00adtect your per\u00adso\u00adnal data against loss, des\u00adtruc\u00adtion, mani\u00adpu\u00adla\u00adti\u00adon and unaut\u00adho\u00adri\u00adzed access. All our employees and ser\u00advice pro\u00advi\u00adders working for us are obli\u00adged to com\u00adply with the appli\u00adca\u00adble data pro\u00adtec\u00adtion laws. <\/p>\n<p>When\u00adever we coll\u00adect and pro\u00adcess per\u00adso\u00adnal data, it is encrypt\u00aded befo\u00adre it is trans\u00admit\u00adted. This means that your data can\u00adnot be misu\u00ads\u00aded by third par\u00adties. Our secu\u00adri\u00adty pre\u00adcau\u00adti\u00adons are sub\u00adject to a con\u00adti\u00adnuous impro\u00adve\u00adment pro\u00adcess and our data pro\u00adtec\u00adtion decla\u00adra\u00adti\u00adons are con\u00adstant\u00adly being revi\u00adsed. Plea\u00adse ensu\u00adre that you have the latest ver\u00adsi\u00adon.   <\/p>\n<h4>Rights of data subjects<\/h4>\n<p>You have the right to infor\u00adma\u00adti\u00adon, cor\u00adrec\u00adtion, dele\u00adti\u00adon or rest\u00adric\u00adtion of the pro\u00adces\u00adsing of your stored data, a right to object to the pro\u00adces\u00adsing as well as a right to data por\u00adta\u00adbi\u00adli\u00adty and to lodge a com\u00adplaint in accordance with the requi\u00adre\u00adments of data pro\u00adtec\u00adtion law.<\/p>\n<h5>Right to information:<\/h5>\n<p>You can request infor\u00adma\u00adti\u00adon from us as to whe\u00adther and to what ext\u00adent we pro\u00adcess your data.<\/p>\n<h5>Right to rectification:<\/h5>\n<p>If we pro\u00adcess your data that is incom\u00adple\u00adte or incor\u00adrect, you can request that we cor\u00adrect or com\u00adple\u00adte it at any time.<\/p>\n<h5>Right to erasure:<\/h5>\n<p>You can request that we era\u00adse your data if we pro\u00adcess it unlawful\u00adly or if the pro\u00adces\u00adsing dis\u00adpro\u00adpor\u00adtio\u00adna\u00adte\u00adly inter\u00adfe\u00adres with your legi\u00adti\u00adma\u00adte pro\u00adtec\u00adtion inte\u00adrests. Plea\u00adse note that the\u00adre may be reasons that pre\u00advent imme\u00addia\u00adte era\u00adsu\u00adre, e.g. in the case of sta\u00adtu\u00adto\u00adry reten\u00adti\u00adon obli\u00adga\u00adti\u00adons. <\/p>\n<p>Irre\u00adspec\u00adti\u00adve of the exer\u00adcise of your right to era\u00adsu\u00adre, we will era\u00adse your data imme\u00addia\u00adte\u00adly and com\u00adple\u00adte\u00adly, pro\u00advi\u00added that the\u00adre is no legal or sta\u00adtu\u00adto\u00adry reten\u00adti\u00adon obli\u00adga\u00adti\u00adon to the con\u00adtra\u00adry.<\/p>\n<h5>Right to restriction of processing:<\/h5>\n<p>You can request that we rest\u00adrict the pro\u00adces\u00adsing of your data if<\/p>\n<ul>\n<li>you con\u00adtest the accu\u00adra\u00adcy of the data, for a peri\u00adod enab\u00adling us to veri\u00adfy the accu\u00adra\u00adcy of the data,<\/li>\n<li>the pro\u00adces\u00adsing of the data is unlawful, but you refu\u00adse to have it era\u00adsed and ins\u00adtead request that the use of the data be rest\u00adric\u00adted,<\/li>\n<li>we no lon\u00adger need the data for the inten\u00added pur\u00adpo\u00adse, but you still need this data to assert or defend legal claims, or<\/li>\n<li>you have objec\u00adted to the pro\u00adces\u00adsing of the data.<\/li>\n<\/ul>\n<h5 style=\"color: var(--awb-color5);\">Right to data portability:<\/h5>\n<p>You may request that we pro\u00advi\u00adde you with the data you have pro\u00advi\u00added to us in a struc\u00adtu\u00adred, com\u00admon\u00adly used and machi\u00adne-rea\u00adda\u00adble for\u00admat and that you may trans\u00admit this data to ano\u00adther con\u00adtrol\u00adler wit\u00adhout hin\u00addrance from us, pro\u00advi\u00added that<\/p>\n<ul>\n<li>we pro\u00adcess this data on the basis of your revo\u00adca\u00adble con\u00adsent or for the per\u00adfor\u00admance of a con\u00adtract bet\u00adween us, and<\/li>\n<li>this pro\u00adces\u00adsing is car\u00adri\u00aded out by auto\u00adma\u00adted means. If tech\u00adni\u00adcal\u00adly fea\u00adsi\u00adble, you can request that we trans\u00adfer your data direct\u00adly to ano\u00adther con\u00adtrol\u00adler. <\/li>\n<\/ul>\n<h5>Right of objection:<\/h5>\n<p>If we pro\u00adcess your data for legi\u00adti\u00adma\u00adte inte\u00adrests, you can object to this data pro\u00adces\u00adsing at any time; this would also app\u00adly to pro\u00adfil\u00ading based on the\u00adse pro\u00advi\u00adsi\u00adons. We will then no lon\u00adger pro\u00adcess your data unless we can demons\u00adtra\u00adte com\u00adpel\u00adling legi\u00adti\u00adma\u00adte grounds for the pro\u00adces\u00adsing which over\u00adri\u00adde your inte\u00adrests, rights and free\u00addoms or the pro\u00adces\u00adsing ser\u00adves the estab\u00adlish\u00adment, exer\u00adcise or defen\u00adse of legal claims. You can object to the pro\u00adces\u00adsing of your data for the pur\u00adpo\u00adse of direct adver\u00adti\u00adsing at any time wit\u00adhout giving reasons.  <\/p>\n<h5>Right of appeal:<\/h5>\n<p>If you are of the opi\u00adni\u00adon that we are vio\u00adla\u00adting Ger\u00adman or Euro\u00adpean data pro\u00adtec\u00adtion law when pro\u00adces\u00adsing your data, plea\u00adse cont\u00adact us so that we can cla\u00adri\u00adfy any ques\u00adti\u00adons you may have. Of cour\u00adse, you also have the right to cont\u00adact the super\u00advi\u00adso\u00adry aut\u00adho\u00adri\u00adty respon\u00adsi\u00adble for you, the respec\u00adti\u00adve sta\u00adte office for data pro\u00adtec\u00adtion super\u00advi\u00adsi\u00adon. <\/p>\n<p>If you wish to assert one of the\u00adse rights against us, plea\u00adse cont\u00adact our data pro\u00adtec\u00adtion offi\u00adcer. In case of doubt, we may request addi\u00adtio\u00adnal infor\u00adma\u00adti\u00adon to con\u00adfirm your iden\u00adti\u00adty. <\/p>\n<h3>Changes to this privacy policy<\/h3>\n<p>We reser\u00adve the right to chan\u00adge our pri\u00adva\u00adcy poli\u00adcy if this should be neces\u00adsa\u00adry due to new tech\u00adno\u00adlo\u00adgies. Plea\u00adse ensu\u00adre that you have the latest ver\u00adsi\u00adon. If fun\u00adda\u00admen\u00adtal chan\u00adges are made to this pri\u00adva\u00adcy poli\u00adcy, we will announ\u00adce the\u00adse on our web\u00adsite.  <\/p>\n<p>All inte\u00adres\u00adted par\u00adties and visi\u00adtors to our web\u00adsite can cont\u00adact us regar\u00adding data pro\u00adtec\u00adtion issues at:<\/p>\n<p>Tho\u00admas Wan\u00adju\u00adra<br><span style=\"letter-spacing: 0.24px; background-color: rgba(0, 0, 0, 0);\"><b>Pro\u00adject 29 GmbH &amp; Co KG<\/b><br><\/span><span style=\"letter-spacing: 0.24px; background-color: rgba(0, 0, 0, 0);\">Osten\u00adgas\u00adse 14<br><\/span><span style=\"background-color: rgba(0, 0, 0, 0); letter-spacing: 0.24px;\">93047 Regens\u00adburg<br><\/span><span style=\"letter-spacing: 0.24px; background-color: rgba(0, 0, 0, 0);\"><a href=\"tel:+499412986930\">+49 941 29 86 93 0<\/a><br><\/span><span style=\"letter-spacing: 0.24px; background-color: rgba(0, 0, 0, 0);\"><a href=\"mailto:anfrage@projekt29.de\">anfrage@projekt29.de<\/a><br><\/span><span style=\"letter-spacing: 0.24px; background-color: rgba(0, 0, 0, 0);\"><a href=\"mailto:datenschutz@fuchs-soehne.de\">datenschutz@fuchs-soehne.de<\/a><\/span><\/p>\n<\/div>\n<\/div><\/div><\/div><\/div><\/div>\n","protected":false},"excerpt":{"rendered":"","protected":false},"author":2,"featured_media":0,"parent":0,"menu_order":0,"comment_status":"closed","ping_status":"closed","template":"100-width.php","meta":{"wp_typography_post_enhancements_disabled":false,"footnotes":""},"class_list":["post-5257","page","type-page","status-publish","hentry"],"yoast_head":"<!-- This site is optimized with the Yoast SEO plugin v27.4 - https:\/\/yoast.com\/product\/yoast-seo-wordpress\/ -->\n<title>Privacy policy - Decker Anlagenbau<\/title>\n<meta name=\"description\" content=\"Responsible handling of your data is important to us. Here you can find out which data is collected for which purposes.\" \/>\n<meta name=\"robots\" content=\"index, follow, max-snippet:-1, max-image-preview:large, max-video-preview:-1\" \/>\n<link rel=\"canonical\" href=\"https:\/\/decker-anlagenbau.de\/en\/data-protection\/\" \/>\n<meta property=\"og:locale\" content=\"en_US\" \/>\n<meta property=\"og:type\" content=\"article\" \/>\n<meta property=\"og:title\" content=\"Privacy policy - Decker Anlagenbau\" \/>\n<meta property=\"og:description\" content=\"Responsible handling of your data is important to us. Here you can find out which data is collected for which purposes.\" \/>\n<meta property=\"og:url\" content=\"https:\/\/decker-anlagenbau.de\/en\/data-protection\/\" \/>\n<meta property=\"og:site_name\" content=\"Decker Anlagenbau\" \/>\n<meta property=\"article:modified_time\" content=\"2026-04-27T13:12:33+00:00\" \/>\n<meta name=\"twitter:card\" content=\"summary_large_image\" \/>\n<meta name=\"twitter:label1\" content=\"Est. reading time\" \/>\n\t<meta name=\"twitter:data1\" content=\"18 minutes\" \/>\n<script type=\"application\/ld+json\" class=\"yoast-schema-graph\">{\"@context\":\"https:\\\/\\\/schema.org\",\"@graph\":[{\"@type\":\"WebPage\",\"@id\":\"https:\\\/\\\/decker-anlagenbau.de\\\/en\\\/data-protection\\\/\",\"url\":\"https:\\\/\\\/decker-anlagenbau.de\\\/en\\\/data-protection\\\/\",\"name\":\"Privacy policy - Decker Anlagenbau\",\"isPartOf\":{\"@id\":\"https:\\\/\\\/decker-anlagenbau.de\\\/en\\\/#website\"},\"datePublished\":\"2024-09-17T11:21:34+00:00\",\"dateModified\":\"2026-04-27T13:12:33+00:00\",\"description\":\"Responsible handling of your data is important to us. Here you can find out which data is collected for which purposes.\",\"breadcrumb\":{\"@id\":\"https:\\\/\\\/decker-anlagenbau.de\\\/en\\\/data-protection\\\/#breadcrumb\"},\"inLanguage\":\"en-US\",\"potentialAction\":[{\"@type\":\"ReadAction\",\"target\":[\"https:\\\/\\\/decker-anlagenbau.de\\\/en\\\/data-protection\\\/\"]}]},{\"@type\":\"BreadcrumbList\",\"@id\":\"https:\\\/\\\/decker-anlagenbau.de\\\/en\\\/data-protection\\\/#breadcrumb\",\"itemListElement\":[{\"@type\":\"ListItem\",\"position\":1,\"name\":\"Startseite\",\"item\":\"https:\\\/\\\/decker-anlagenbau.de\\\/en\\\/\"},{\"@type\":\"ListItem\",\"position\":2,\"name\":\"Data protection\"}]},{\"@type\":\"WebSite\",\"@id\":\"https:\\\/\\\/decker-anlagenbau.de\\\/en\\\/#website\",\"url\":\"https:\\\/\\\/decker-anlagenbau.de\\\/en\\\/\",\"name\":\"Decker Anlagenbau\",\"description\":\"\",\"potentialAction\":[{\"@type\":\"SearchAction\",\"target\":{\"@type\":\"EntryPoint\",\"urlTemplate\":\"https:\\\/\\\/decker-anlagenbau.de\\\/en\\\/?s={search_term_string}\"},\"query-input\":{\"@type\":\"PropertyValueSpecification\",\"valueRequired\":true,\"valueName\":\"search_term_string\"}}],\"inLanguage\":\"en-US\"}]}<\/script>\n<!-- \/ Yoast SEO plugin. -->","yoast_head_json":{"title":"Privacy policy - Decker Anlagenbau","description":"Responsible handling of your data is important to us. Here you can find out which data is collected for which purposes.","robots":{"index":"index","follow":"follow","max-snippet":"max-snippet:-1","max-image-preview":"max-image-preview:large","max-video-preview":"max-video-preview:-1"},"canonical":"https:\/\/decker-anlagenbau.de\/en\/data-protection\/","og_locale":"en_US","og_type":"article","og_title":"Privacy policy - Decker Anlagenbau","og_description":"Responsible handling of your data is important to us. Here you can find out which data is collected for which purposes.","og_url":"https:\/\/decker-anlagenbau.de\/en\/data-protection\/","og_site_name":"Decker Anlagenbau","article_modified_time":"2026-04-27T13:12:33+00:00","twitter_card":"summary_large_image","twitter_misc":{"Est. reading time":"18 minutes"},"schema":{"@context":"https:\/\/schema.org","@graph":[{"@type":"WebPage","@id":"https:\/\/decker-anlagenbau.de\/en\/data-protection\/","url":"https:\/\/decker-anlagenbau.de\/en\/data-protection\/","name":"Privacy policy - Decker Anlagenbau","isPartOf":{"@id":"https:\/\/decker-anlagenbau.de\/en\/#website"},"datePublished":"2024-09-17T11:21:34+00:00","dateModified":"2026-04-27T13:12:33+00:00","description":"Responsible handling of your data is important to us. Here you can find out which data is collected for which purposes.","breadcrumb":{"@id":"https:\/\/decker-anlagenbau.de\/en\/data-protection\/#breadcrumb"},"inLanguage":"en-US","potentialAction":[{"@type":"ReadAction","target":["https:\/\/decker-anlagenbau.de\/en\/data-protection\/"]}]},{"@type":"BreadcrumbList","@id":"https:\/\/decker-anlagenbau.de\/en\/data-protection\/#breadcrumb","itemListElement":[{"@type":"ListItem","position":1,"name":"Startseite","item":"https:\/\/decker-anlagenbau.de\/en\/"},{"@type":"ListItem","position":2,"name":"Data protection"}]},{"@type":"WebSite","@id":"https:\/\/decker-anlagenbau.de\/en\/#website","url":"https:\/\/decker-anlagenbau.de\/en\/","name":"Decker Anlagenbau","description":"","potentialAction":[{"@type":"SearchAction","target":{"@type":"EntryPoint","urlTemplate":"https:\/\/decker-anlagenbau.de\/en\/?s={search_term_string}"},"query-input":{"@type":"PropertyValueSpecification","valueRequired":true,"valueName":"search_term_string"}}],"inLanguage":"en-US"}]}},"_links":{"self":[{"href":"https:\/\/decker-anlagenbau.de\/en\/wp-json\/wp\/v2\/pages\/5257","targetHints":{"allow":["GET"]}}],"collection":[{"href":"https:\/\/decker-anlagenbau.de\/en\/wp-json\/wp\/v2\/pages"}],"about":[{"href":"https:\/\/decker-anlagenbau.de\/en\/wp-json\/wp\/v2\/types\/page"}],"author":[{"embeddable":true,"href":"https:\/\/decker-anlagenbau.de\/en\/wp-json\/wp\/v2\/users\/2"}],"replies":[{"embeddable":true,"href":"https:\/\/decker-anlagenbau.de\/en\/wp-json\/wp\/v2\/comments?post=5257"}],"version-history":[{"count":3,"href":"https:\/\/decker-anlagenbau.de\/en\/wp-json\/wp\/v2\/pages\/5257\/revisions"}],"predecessor-version":[{"id":5264,"href":"https:\/\/decker-anlagenbau.de\/en\/wp-json\/wp\/v2\/pages\/5257\/revisions\/5264"}],"wp:attachment":[{"href":"https:\/\/decker-anlagenbau.de\/en\/wp-json\/wp\/v2\/media?parent=5257"}],"curies":[{"name":"wp","href":"https:\/\/api.w.org\/{rel}","templated":true}]}}